{"id":66,"date":"2023-05-16T11:01:17","date_gmt":"2023-05-16T09:01:17","guid":{"rendered":"https:\/\/bee-bee.alwaysdata.net\/bee&#038;bee\/?page_id=66"},"modified":"2023-06-13T15:07:30","modified_gmt":"2023-06-13T13:07:30","slug":"levenement","status":"publish","type":"page","link":"https:\/\/bee-bee.alwaysdata.net\/bee&bee\/levenement\/","title":{"rendered":"L&rsquo;\u00e9v\u00e8nement"},"content":{"rendered":"\n<div style=\"height:60px\" aria-hidden=\"true\" class=\"wp-block-spacer\"><\/div>\n\n\n\n<h2 class=\"wp-block-heading has-text-align-center has-neve-text-color-color has-text-color\">L&rsquo;\u00e9v\u00e8nement<\/h2>\n\n\n\n<p class=\"has-text-align-center has-medium-font-size\">Vous \u00eates curieux de conna\u00eetre le monde fascinant des abeilles ? Alors venez au lancement du rucher municipal pr\u00e9vu le samedi 10 juin 2023 \u00e0 la place Tulipe de Champagny !<\/p>\n\n\n\n<div style=\"height:60px\" aria-hidden=\"true\" class=\"wp-block-spacer\"><\/div>\n\n\n\n<div class=\"wp-block-cover alignfull\" style=\"min-height:692px\"><span aria-hidden=\"true\" class=\"wp-block-cover__background has-nv-dark-bg-background-color has-background-dim-100 has-background-dim\"><\/span><div class=\"wp-block-cover__inner-container\">\n<div style=\"height:0px\" aria-hidden=\"true\" class=\"wp-block-spacer\"><\/div>\n\n\n\n<div class=\"wp-block-group is-layout-constrained\"><div class=\"wp-block-group__inner-container\">\n<div class=\"wp-block-columns are-vertically-aligned-center is-layout-flex wp-container-3\">\n<div class=\"wp-block-column is-vertically-aligned-center is-layout-flow\" style=\"flex-basis:50%\">\n<figure class=\"wp-block-image size-large\"><img decoding=\"async\" loading=\"lazy\" width=\"1024\" height=\"683\" style=\"; border-radius: 3%;\" src=\"https:\/\/bee-bee.alwaysdata.net\/bee&amp;bee\/wp-content\/uploads\/2023\/06\/Rucher-marguerite-2-min-1024x683.webp\" alt=\"\" class=\"wp-image-1017\" srcset=\"https:\/\/bee-bee.alwaysdata.net\/bee&amp;bee\/wp-content\/uploads\/2023\/06\/Rucher-marguerite-2-min-1024x683.webp 1024w, https:\/\/bee-bee.alwaysdata.net\/bee&amp;bee\/wp-content\/uploads\/2023\/06\/Rucher-marguerite-2-min-300x200.webp 300w, https:\/\/bee-bee.alwaysdata.net\/bee&amp;bee\/wp-content\/uploads\/2023\/06\/Rucher-marguerite-2-min-768x512.webp 768w, https:\/\/bee-bee.alwaysdata.net\/bee&amp;bee\/wp-content\/uploads\/2023\/06\/Rucher-marguerite-2-min-1536x1024.webp 1536w, https:\/\/bee-bee.alwaysdata.net\/bee&amp;bee\/wp-content\/uploads\/2023\/06\/Rucher-marguerite-2-min-2048x1365.webp 2048w, https:\/\/bee-bee.alwaysdata.net\/bee&amp;bee\/wp-content\/uploads\/2023\/06\/Rucher-marguerite-2-min-930x620.webp 930w\" sizes=\"(max-width: 1024px) 100vw, 1024px\" \/><\/figure>\n<\/div>\n\n\n\n<div class=\"wp-block-column is-vertically-aligned-center is-layout-flow\" style=\"flex-basis:50%\">\n<h2 class=\"wp-block-heading has-text-align-center has-neve-link-hover-color-color has-text-color\">Inauguration du rucher <\/h2>\n\n\n\n<p class=\"has-text-align-center has-neve-text-color-color has-text-color has-medium-font-size\">Venez c\u00e9l\u00e9brer l&rsquo;arriv\u00e9e du premier rucher de Champagny avec la pr\u00e9sence du maire et de quelques apiculteurs.<\/p>\n<\/div>\n<\/div>\n<\/div><\/div>\n<\/div><\/div>\n\n\n\n<div style=\"height:60px\" aria-hidden=\"true\" class=\"wp-block-spacer\"><\/div>\n\n\n\n<div class=\"wp-block-cover alignfull\" style=\"min-height:737px\"><span aria-hidden=\"true\" class=\"wp-block-cover__background has-nv-site-bg-background-color has-background-dim-100 has-background-dim\"><\/span><div class=\"wp-block-cover__inner-container\">\n<div class=\"wp-block-group is-layout-constrained\"><div class=\"wp-block-group__inner-container\">\n<h2 class=\"wp-block-heading has-text-align-center has-nv-text-dark-bg-color has-text-color\">Ateliers<\/h2>\n\n\n\n<div class=\"wp-block-columns alignfull are-vertically-aligned-center is-layout-flex wp-container-10\">\n<div class=\"wp-block-column is-layout-flow\" style=\"flex-basis:25%\"><\/div>\n\n\n\n<div class=\"wp-block-column is-vertically-aligned-center is-layout-flow\" style=\"flex-basis:45%\">\n<h2 class=\"wp-block-heading has-text-align-center has-neve-link-hover-color-color has-text-color has-large-font-size\">Ruches<\/h2>\n\n\n\n<figure class=\"wp-block-image aligncenter size-medium is-resized\"><a href=\"https:\/\/bee-bee.alwaysdata.net\/bee&amp;bee\/wp-content\/uploads\/2023\/06\/api-edited-min.webp\"><img style=\"; border-radius: 3%;\"src=\"https:\/\/bee-bee.alwaysdata.net\/bee&amp;bee\/wp-content\/uploads\/2023\/06\/api-edited-min-300x300.webp\" alt=\"\" class=\"wp-image-601\" width=\"400\" srcset=\"https:\/\/bee-bee.alwaysdata.net\/bee&amp;bee\/wp-content\/uploads\/2023\/06\/api-edited-min-300x300.webp 300w, https:\/\/bee-bee.alwaysdata.net\/bee&amp;bee\/wp-content\/uploads\/2023\/06\/api-edited-min-1024x1024.webp 1024w, https:\/\/bee-bee.alwaysdata.net\/bee&amp;bee\/wp-content\/uploads\/2023\/06\/api-edited-min-150x150.webp 150w, https:\/\/bee-bee.alwaysdata.net\/bee&amp;bee\/wp-content\/uploads\/2023\/06\/api-edited-min-768x768.webp 768w, https:\/\/bee-bee.alwaysdata.net\/bee&amp;bee\/wp-content\/uploads\/2023\/06\/api-edited-min.webp 1368w\" sizes=\"(max-width: 300px) 100vw, 300px\" \/><\/a><\/figure>\n\n\n\n<div style=\"height:46px\" aria-hidden=\"true\" class=\"wp-block-spacer\"><\/div>\n\n\n\n<p class=\"has-text-align-center has-nv-text-dark-bg-color has-text-color has-medium-font-size\">Lors de cet \u00e9v\u00e8nement sp\u00e9cial, vous aurez l&rsquo;opportunit\u00e9 unique de rencontrer des apiculteurs passionn\u00e9s qui vous guideront \u00e0 travers une visite immersive du rucher. Vous pourrez admirer les ruchers observer les abeilles \u00e0 l&rsquo;\u0153uvre et apprendre les technique de l&rsquo;apiculture responsables.<\/p>\n<\/div>\n\n\n\n<div class=\"wp-block-column is-layout-flow\" style=\"flex-basis:10%\"><\/div>\n\n\n\n<div class=\"wp-block-column is-layout-flow\" style=\"flex-basis:45%\">\n<h2 class=\"wp-block-heading has-text-align-center has-neve-link-hover-color-color has-text-color has-large-font-size\">VR<\/h2>\n\n\n\n<figure class=\"wp-block-image aligncenter size-full is-resized\"><a href=\"https:\/\/bee-bee.alwaysdata.net\/bee&amp;bee\/wp-content\/uploads\/2023\/06\/Incrustation_VR-1.webp\"><img style=\"; border-radius: 3%;\"src=\"https:\/\/bee-bee.alwaysdata.net\/bee&amp;bee\/wp-content\/uploads\/2023\/06\/Incrustation_VR-1.webp\" alt=\"\" class=\"wp-image-856\" width=\"400\" srcset=\"https:\/\/bee-bee.alwaysdata.net\/bee&amp;bee\/wp-content\/uploads\/2023\/06\/Incrustation_VR-1.webp 632w, https:\/\/bee-bee.alwaysdata.net\/bee&amp;bee\/wp-content\/uploads\/2023\/06\/Incrustation_VR-1-300x300.webp 300w, https:\/\/bee-bee.alwaysdata.net\/bee&amp;bee\/wp-content\/uploads\/2023\/06\/Incrustation_VR-1-150x150.webp 150w\" sizes=\"(max-width: 632px) 100vw, 632px\" \/><\/a><\/figure>\n\n\n\n<div style=\"height:46px\" aria-hidden=\"true\" class=\"wp-block-spacer\"><\/div>\n\n\n\n<p class=\"has-text-align-center has-neve-text-color-color has-text-color has-medium-font-size\">D\u00e9couvrez une exp\u00e9rience immersive unique au c\u0153ur d&rsquo;une ruche gr\u00e2ce \u00e0 la r\u00e9alit\u00e9 virtuelle ! Plongez dans le monde fascinant des abeilles et explorer leur vie en tant qu&rsquo;ouvri\u00e8res d\u00e9vou\u00e9es.<\/p>\n<\/div>\n\n\n\n<div class=\"wp-block-column is-layout-flow\" style=\"flex-basis:25%\"><\/div>\n<\/div>\n<\/div><\/div>\n<\/div><\/div>\n\n\n\n<div style=\"height:45px\" aria-hidden=\"true\" class=\"wp-block-spacer\"><\/div>\n\n\n\n<div class=\"wp-block-cover alignfull\" style=\"min-height:737px\"><span aria-hidden=\"true\" class=\"wp-block-cover__background has-nv-dark-bg-background-color has-background-dim-100 has-background-dim\"><\/span><div class=\"wp-block-cover__inner-container\">\n<div style=\"height:60px\" aria-hidden=\"true\" class=\"wp-block-spacer\"><\/div>\n\n\n\n<div class=\"wp-block-group is-layout-flow\"><div class=\"wp-block-group__inner-container\">\n<div class=\"wp-block-columns has-nv-dark-bg-background-color has-background is-layout-flex wp-container-15\">\n<div class=\"wp-block-column is-layout-flow\" style=\"flex-basis:33.34%\"><\/div>\n\n\n\n<div class=\"wp-block-column is-layout-flow\" style=\"flex-basis:33.34%\">\n<h2 class=\"wp-block-heading has-text-align-center has-neve-link-hover-color-color has-text-color has-large-font-size\">Produits<\/h2>\n\n\n\n<figure class=\"wp-block-image aligncenter size-large is-resized\"><a href=\"https:\/\/bee-bee.alwaysdata.net\/bee&amp;bee\/wp-content\/uploads\/2023\/06\/pot-min-edited-scaled.webp\"><img decoding=\"async\" style=\"; border-radius: 3%;\" src=\"https:\/\/bee-bee.alwaysdata.net\/bee&amp;bee\/wp-content\/uploads\/2023\/06\/pot-min-edited-scaled.webp\" alt=\"\" class=\"wp-image-1022\" width=\"300\" srcset=\"https:\/\/bee-bee.alwaysdata.net\/bee&amp;bee\/wp-content\/uploads\/2023\/06\/pot-min-edited-scaled.webp 1919w, https:\/\/bee-bee.alwaysdata.net\/bee&amp;bee\/wp-content\/uploads\/2023\/06\/pot-min-edited-225x300.webp 225w, https:\/\/bee-bee.alwaysdata.net\/bee&amp;bee\/wp-content\/uploads\/2023\/06\/pot-min-edited-768x1025.webp 768w, https:\/\/bee-bee.alwaysdata.net\/bee&amp;bee\/wp-content\/uploads\/2023\/06\/pot-min-edited-1151x1536.webp 1151w, https:\/\/bee-bee.alwaysdata.net\/bee&amp;bee\/wp-content\/uploads\/2023\/06\/pot-min-edited-1535x2048.webp 1535w\" sizes=\"(max-width: 1919px) 100vw, 1919px\" \/><\/a><\/figure>\n\n\n\n<div style=\"height:46px\" aria-hidden=\"true\" class=\"wp-block-spacer\"><\/div>\n\n\n\n<p class=\"has-text-align-center has-nv-text-dark-bg-color has-text-color has-medium-font-size\">Lors de cet \u00e9v\u00e9nement, vous aurez l&rsquo;opportunit\u00e9 de d\u00e9guster le miel produit par les producteurs locaux de Champagny.<\/p>\n<\/div>\n\n\n\n<div class=\"wp-block-column is-layout-flow\" style=\"flex-basis:33.33%\"><\/div>\n<\/div>\n<\/div><\/div>\n<\/div><\/div>\n\n\n\n<div class=\"wp-block-group alignfull has-background-color has-white-color has-nv-light-bg-background-color has-text-color has-background has-link-color wp-elements-f75445892603be0cc58673d437f9f489 is-vertical is-content-justification-center is-layout-flex wp-container-24\" style=\"min-height:40vh;margin-top:0;margin-bottom:0;padding-top:var(--wp--preset--spacing--60);padding-right:var(--wp--preset--spacing--40);padding-bottom:var(--wp--preset--spacing--60);padding-left:var(--wp--preset--spacing--40)\">\n<div class=\"wp-block-columns alignwide has-small-font-size is-layout-flex wp-container-23\">\n<div class=\"wp-block-column has-nv-dark-bg-color has-text-color is-layout-flow\">\n<p class=\"has-text-align-center\" style=\"font-size:22px\">Contact<\/p>\n\n\n\n<p class=\"has-text-align-center\" style=\"font-size:18px\">22 Rue du Vignoble Champagny,<br>\n 16420 Charente<\/p>\n\n\n\n<div style=\"height:7px\" aria-hidden=\"true\" class=\"wp-block-spacer\"><\/div>\n\n\n\n<p class=\"has-text-align-center\" style=\"font-size:18px\"><a href=\"mailto:contact@beeandbee-asso.org\">contact@beeandbee-asso.org<\/a><\/p>\n\n\n\n<div style=\"height:7px\" aria-hidden=\"true\" class=\"wp-block-spacer\"><\/div>\n\n\n\n<p class=\"has-text-align-center\" style=\"font-size:18px\">05 45 78 90 12<\/p>\n<\/div>\n\n\n\n<div class=\"wp-block-column is-layout-flow\">\n<p class=\"has-text-align-center has-nv-dark-bg-color has-text-color\" style=\"font-size:22px\">Pages<\/p>\n\n\n<nav style=\"font-size:18px;\" class=\"items-justified-center is-vertical no-wrap wp-block-navigation is-content-justification-center is-nowrap is-layout-flex wp-container-19\" aria-label=\"primary\"><ul class=\"wp-block-navigation__container\"><li style=\"font-size: 18px;\" class=\" wp-block-navigation-item wp-block-navigation-link\"><a class=\"wp-block-navigation-item__content\"  href=\"https:\/\/bee-bee.alwaysdata.net\/bee&#038;bee\/\"><span class=\"wp-block-navigation-item__label\">Adopte une abeille<\/span><\/a><\/li><li style=\"font-size: 18px;\" class=\" wp-block-navigation-item wp-block-navigation-link\"><a class=\"wp-block-navigation-item__content\"  href=\"https:\/\/bee-bee.alwaysdata.net\/bee&#038;bee\/?page_id=66\"><span class=\"wp-block-navigation-item__label\">L&rsquo;\u00e9v\u00e8nement<\/span><\/a><\/li><li style=\"font-size: 18px;\" class=\" wp-block-navigation-item wp-block-navigation-link\"><a class=\"wp-block-navigation-item__content\"  href=\"https:\/\/bee-bee.alwaysdata.net\/bee&#038;bee\/?page_id=69\"><span class=\"wp-block-navigation-item__label\">comment participez ?<\/span><\/a><\/li><li style=\"font-size: 18px;\" class=\" wp-block-navigation-item wp-block-navigation-link\"><a class=\"wp-block-navigation-item__content\"  href=\"https:\/\/bee-bee.alwaysdata.net\/bee&#038;bee\/?page_id=86\"><span class=\"wp-block-navigation-item__label\">actualit\u00e9s<\/span><\/a><\/li><\/ul><\/nav>\n\n\n<div style=\"height:24px\" aria-hidden=\"true\" class=\"wp-block-spacer\"><\/div>\n<\/div>\n\n\n\n<div class=\"wp-block-column is-layout-flow\">\n<p class=\"has-text-align-center has-nv-dark-bg-color has-text-color\" style=\"font-size:22px\">Suivez-nous<\/p>\n\n\n\n<div class=\"wp-block-group is-vertical is-content-justification-center is-layout-flex wp-container-21\">\n<p style=\"font-size:18px\"><a href=\"#\">Facebook<\/a><\/p>\n\n\n\n<p style=\"font-size:18px\"><a href=\"#\">Instagram<\/a><\/p>\n\n\n\n<p style=\"font-size:18px\"><a href=\"#\">Twitter<\/a><\/p>\n<\/div>\n\n\n\n<div style=\"height:24px\" aria-hidden=\"true\" class=\"wp-block-spacer\"><\/div>\n<\/div>\n<\/div>\n<\/div>\n","protected":false},"excerpt":{"rendered":"<p>L&rsquo;\u00e9v\u00e8nement Vous \u00eates curieux de conna\u00eetre le monde fascinant des abeilles ? Alors venez au lancement du rucher municipal pr\u00e9vu le samedi 10 juin 2023 \u00e0 la place Tulipe de Champagny ! Contact 22 Rue du Vignoble Champagny, 16420 Charente contact@beeandbee-asso.org 05 45 78 90 12 Pages Suivez-nous Facebook Instagram Twitter<\/p>\n","protected":false},"author":1,"featured_media":0,"parent":0,"menu_order":0,"comment_status":"closed","ping_status":"closed","template":"","meta":{"neve_meta_sidebar":"","neve_meta_container":"","neve_meta_enable_content_width":"on","neve_meta_content_width":100,"neve_meta_title_alignment":"","neve_meta_author_avatar":"","neve_post_elements_order":"","neve_meta_disable_header":"","neve_meta_disable_footer":"","neve_meta_disable_title":"on"},"_links":{"self":[{"href":"https:\/\/bee-bee.alwaysdata.net\/bee&bee\/wp-json\/wp\/v2\/pages\/66"}],"collection":[{"href":"https:\/\/bee-bee.alwaysdata.net\/bee&bee\/wp-json\/wp\/v2\/pages"}],"about":[{"href":"https:\/\/bee-bee.alwaysdata.net\/bee&bee\/wp-json\/wp\/v2\/types\/page"}],"author":[{"embeddable":true,"href":"https:\/\/bee-bee.alwaysdata.net\/bee&bee\/wp-json\/wp\/v2\/users\/1"}],"replies":[{"embeddable":true,"href":"https:\/\/bee-bee.alwaysdata.net\/bee&bee\/wp-json\/wp\/v2\/comments?post=66"}],"version-history":[{"count":151,"href":"https:\/\/bee-bee.alwaysdata.net\/bee&bee\/wp-json\/wp\/v2\/pages\/66\/revisions"}],"predecessor-version":[{"id":1280,"href":"https:\/\/bee-bee.alwaysdata.net\/bee&bee\/wp-json\/wp\/v2\/pages\/66\/revisions\/1280"}],"wp:attachment":[{"href":"https:\/\/bee-bee.alwaysdata.net\/bee&bee\/wp-json\/wp\/v2\/media?parent=66"}],"curies":[{"name":"wp","href":"https:\/\/api.w.org\/{rel}","templated":true}]}}